{"id":619,"date":"2020-06-05T09:03:41","date_gmt":"2020-06-05T02:03:41","guid":{"rendered":"https:\/\/elementor2.thembay.com\/aora\/?page_id=619"},"modified":"2022-09-07T21:54:43","modified_gmt":"2022-09-07T21:54:43","slug":"post-elements","status":"publish","type":"page","link":"https:\/\/mimatica.com\/en\/post-elements\/","title":{"rendered":"Post Elements"},"content":{"rendered":"<div data-elementor-type=\"wp-page\" data-elementor-id=\"619\" class=\"elementor elementor-619\">\n\t\t\t\t\t\t<section class=\"elementor-section elementor-top-section elementor-element elementor-element-8c8f80b elementor-section-stretched elementor-section-boxed elementor-section-height-default elementor-section-height-default\" data-id=\"8c8f80b\" data-element_type=\"section\" data-e-type=\"section\" data-settings=\"{&quot;stretch_section&quot;:&quot;section-stretched&quot;}\">\n\t\t\t\t\t\t<div class=\"elementor-container elementor-column-gap-default\">\n\t\t\t\t\t<div class=\"elementor-column elementor-col-33 elementor-top-column elementor-element elementor-element-8e9c2c3\" data-id=\"8e9c2c3\" data-element_type=\"column\" data-e-type=\"column\">\n\t\t\t<div class=\"elementor-widget-wrap\">\n\t\t\t\t\t\t\t<\/div>\n\t\t<\/div>\n\t\t\t\t<div class=\"elementor-column elementor-col-33 elementor-top-column elementor-element elementor-element-0f0bd89\" data-id=\"0f0bd89\" data-element_type=\"column\" data-e-type=\"column\">\n\t\t\t<div class=\"elementor-widget-wrap elementor-element-populated\">\n\t\t\t\t\t\t<div class=\"elementor-element elementor-element-a54c864 elementor-widget elementor-widget-tbay-posts-grid\" data-id=\"a54c864\" data-element_type=\"widget\" data-e-type=\"widget\" data-widget_type=\"tbay-posts-grid.default\">\n\t\t\t\t<div class=\"elementor-widget-container\">\n\t\t\t\t\t\r\n<div class=\"tbay-element tbay-element-posts-grid\">\r\n\r\n    \t\t\t<h3 class=\"heading-tbay-title\">\r\n\t\t\t\t\t\t\t\t\t<span class=\"title\">Post Style 1<\/span>\r\n\t\t\t\t\t    \t\r\n\t\t\t\t\t\t\t<\/h3>\r\n\t\t\r\n    <div class=\"posts-grid rows-1 owl-carousel scroll-init\" data-carousel=\"owl\" data-items=\"1\" data-desktopslick=\"1\" data-desktopsmallslick=\"1\" data-tabletslick=\"1\" data-landscapeslick=\"1\" data-mobileslick=\"1\" data-rows=\"1\" data-speed=\"500\" data-nav=\"1\" data-pagination=\"\" data-loop=\"\" data-auto=\"\" data-unslick=\"1\">\r\n\r\n                    <div class=\"item\">\r\n                <article class=\"post item-post post-style-1\">   \r\n    <figure class=\"entry-thumb\">\r\n        <a href=\"https:\/\/mimatica.com\/en\/calendario-lunar-abril-2026-prepara-tu-jardin-para-las-lluvias\/\"  class=\"entry-image\">\r\n          <img fetchpriority=\"high\" decoding=\"async\" width=\"1920\" height=\"1080\" src=\"https:\/\/mimatica.com\/wp-content\/uploads\/2026\/04\/portada-wed-calendario-Abril.jpg\" class=\"attachment-full size-full wp-post-image\" alt=\"Calendario lunar abril 2026 jardiner\u00eda Colombia - Fases lunares Mi Matica\" \/><span class=\"post-type\"><i class=\"tb-icon tb-icon-type-image\"><\/i><\/span>        <\/a> \r\n    <\/figure>\r\n    <div class=\"entry-header\">\r\n        \t\t\t\t\t<ul class=\"entry-meta-list\">\r\n\t\t\t\t\r\n\t\t\t\t\t\t\t\t\t\t\t\t\t<li class=\"entry-author\">\r\n\t\t\t\t\t\t<img alt='' src='https:\/\/secure.gravatar.com\/avatar\/6d529b70d42c10ed7d9763a067095248d9e68029e23ecd42201f458241e36a17?s=70&#038;d=mm&#038;r=g' srcset='https:\/\/secure.gravatar.com\/avatar\/6d529b70d42c10ed7d9763a067095248d9e68029e23ecd42201f458241e36a17?s=140&#038;d=mm&#038;r=g 2x' class='avatar avatar-70 photo' height='70' width='70' \/>\t\t\t\t\t\t<span>By <\/span>\r\n\t\t\t\t\t\t<a href=\"https:\/\/mimatica.com\/en\/author\/admin_2tf5edub\/\" title=\"Posts by Yusley Vivas\" rel=\"author\">Yusley Vivas<\/a><\/li>\r\n\t\t\t\t\r\n\t\t\t\t\t\t\t\t\t\t\t\t\t<li class=\"entry-date\"><i class=\"tb-icon tb-icon-clock\"><\/i><span class=\"screen-reader-text\">Posted on<\/span> <a href=\"https:\/\/mimatica.com\/en\/calendario-lunar-abril-2026-prepara-tu-jardin-para-las-lluvias\/\" rel=\"bookmark\"><time class=\"entry-date published updated\" datetime=\"2026-04-01T17:39:59-05:00\">01\/04\/2026<\/time><\/a><\/li>\r\n\t\t\t\t\r\n\t\t\t\t\t\t\t\t\t\t\t\t\t<li class=\"comments-link\">\r\n\t\t\t\t\t\t<i class=\"tb-icon tb-icon-comment-alt\"><\/i>\r\n\t\t\t\t\t\t<a href=\"https:\/\/mimatica.com\/en\/calendario-lunar-abril-2026-prepara-tu-jardin-para-las-lluvias\/#respond\">0<span><\/span><\/a>\t\t\t\t\t<\/li>\r\n\t\t\t\t\r\n\t\t\t\t\t\t\t\t\r\n\t\t\t\t\t\t\t\t\r\n\t\t\t\t\t\t\t\t\t\t            <li class=\"entry-category\"><a href=\"https:\/\/mimatica.com\/en\/category\/calendario-lunar-jardineria-colombia\/\" title=\"View all posts in Calendario Lunar\">Calendario Lunar<\/a><\/li>\r\n\t\t        \t\t\t<\/ul>\r\n\t\t\t\t\t\r\n                \r\n                    <h3 class=\"entry-title\">\r\n                <a href=\"https:\/\/mimatica.com\/en\/calendario-lunar-abril-2026-prepara-tu-jardin-para-las-lluvias\/\">Calendario Lunar Abril 2026: Prepara tu Jard\u00edn para las Lluvias<\/a>\r\n            <\/h3>\r\n        \r\n        \r\n\r\n       \r\n\r\n                    <div class=\"entry-description\">Gu\u00eda completa para cuidar esta matica elegante, fuerte y f\u00e1cil de amar\n<\/div>\r\n        \r\n                    <a href=\"https:\/\/mimatica.com\/en\/calendario-lunar-abril-2026-prepara-tu-jardin-para-las-lluvias\/\" class=\"readmore\" title=\"Continue Reading\">Continue Reading<\/a>\r\n        \r\n            <\/div>\r\n<\/article>\r\n     \r\n            <\/div>\r\n         \r\n    <\/div>\r\n<\/div>\r\n\r\n\t\t\t\t<\/div>\n\t\t\t\t<\/div>\n\t\t\t\t<div class=\"elementor-element elementor-element-190d756 elementor-widget elementor-widget-tbay-posts-grid\" data-id=\"190d756\" data-element_type=\"widget\" data-e-type=\"widget\" data-widget_type=\"tbay-posts-grid.default\">\n\t\t\t\t<div class=\"elementor-widget-container\">\n\t\t\t\t\t\r\n<div class=\"tbay-element tbay-element-posts-grid\">\r\n\r\n    \t\t\t<h3 class=\"heading-tbay-title\">\r\n\t\t\t\t\t\t\t\t\t<span class=\"title\">Post Style 2<\/span>\r\n\t\t\t\t\t    \t\r\n\t\t\t\t\t\t\t<\/h3>\r\n\t\t\r\n    <div class=\"posts-grid rows-1 owl-carousel scroll-init\" data-carousel=\"owl\" data-items=\"2\" data-desktopslick=\"2\" data-desktopsmallslick=\"2\" data-tabletslick=\"2\" data-landscapeslick=\"2\" data-mobileslick=\"1\" data-rows=\"1\" data-speed=\"500\" data-nav=\"\" data-pagination=\"1\" data-loop=\"\" data-auto=\"\" data-unslick=\"1\">\r\n\r\n                    <div class=\"item\">\r\n                <article class=\"post item-post post-style-2\">   \r\n    <figure class=\"entry-thumb\">\r\n        <a href=\"https:\/\/mimatica.com\/en\/calendario-lunar-abril-2026-prepara-tu-jardin-para-las-lluvias\/\"  class=\"entry-image\">\r\n          <img fetchpriority=\"high\" decoding=\"async\" width=\"1920\" height=\"1080\" src=\"https:\/\/mimatica.com\/wp-content\/uploads\/2026\/04\/portada-wed-calendario-Abril.jpg\" class=\"attachment-full size-full wp-post-image\" alt=\"Calendario lunar abril 2026 jardiner\u00eda Colombia - Fases lunares Mi Matica\" \/><span class=\"post-type\"><i class=\"tb-icon tb-icon-type-image\"><\/i><\/span>        <\/a> \r\n    <\/figure>\r\n    <div class=\"entry-header\">\r\n        \t\t\t\t\t<ul class=\"entry-meta-list\">\r\n\t\t\t\t\r\n\t\t\t\t\t\t\t\t\t\t\t\t\t<li class=\"entry-author\">\r\n\t\t\t\t\t\t<img alt='' src='https:\/\/secure.gravatar.com\/avatar\/6d529b70d42c10ed7d9763a067095248d9e68029e23ecd42201f458241e36a17?s=70&#038;d=mm&#038;r=g' srcset='https:\/\/secure.gravatar.com\/avatar\/6d529b70d42c10ed7d9763a067095248d9e68029e23ecd42201f458241e36a17?s=140&#038;d=mm&#038;r=g 2x' class='avatar avatar-70 photo' height='70' width='70' \/>\t\t\t\t\t\t<span>By <\/span>\r\n\t\t\t\t\t\t<a href=\"https:\/\/mimatica.com\/en\/author\/admin_2tf5edub\/\" title=\"Posts by Yusley Vivas\" rel=\"author\">Yusley Vivas<\/a><\/li>\r\n\t\t\t\t\r\n\t\t\t\t\t\t\t\t\t\t\t\t\t<li class=\"entry-date\"><i class=\"tb-icon tb-icon-clock\"><\/i><span class=\"screen-reader-text\">Posted on<\/span> <a href=\"https:\/\/mimatica.com\/en\/calendario-lunar-abril-2026-prepara-tu-jardin-para-las-lluvias\/\" rel=\"bookmark\"><time class=\"entry-date published updated\" datetime=\"2026-04-01T17:39:59-05:00\">01\/04\/2026<\/time><\/a><\/li>\r\n\t\t\t\t\r\n\t\t\t\t\t\t\t\t\t\t\t\t\t<li class=\"comments-link\">\r\n\t\t\t\t\t\t<i class=\"tb-icon tb-icon-comment-alt\"><\/i>\r\n\t\t\t\t\t\t<a href=\"https:\/\/mimatica.com\/en\/calendario-lunar-abril-2026-prepara-tu-jardin-para-las-lluvias\/#respond\">0<span><\/span><\/a>\t\t\t\t\t<\/li>\r\n\t\t\t\t\r\n\t\t\t\t\t\t\t\t\r\n\t\t\t\t\t\t\t\t\r\n\t\t\t\t\t\t\t\t\t\t\t<\/ul>\r\n\t\t\t\t\t        \r\n                \r\n                    <h3 class=\"entry-title\">\r\n                <a href=\"https:\/\/mimatica.com\/en\/calendario-lunar-abril-2026-prepara-tu-jardin-para-las-lluvias\/\">Calendario Lunar Abril 2026: Prepara tu Jard\u00edn para las Lluvias<\/a>\r\n            <\/h3>\r\n        \r\n        \r\n\r\n       \r\n\r\n        \r\n        \r\n            <\/div>\r\n<\/article>\r\n     \r\n            <\/div>\r\n                    <div class=\"item\">\r\n                <article class=\"post item-post post-style-2\">   \r\n    <figure class=\"entry-thumb\">\r\n        <a href=\"https:\/\/mimatica.com\/en\/calendario-lunar-marzo-2026-jardineria-colombia\/\"  class=\"entry-image\">\r\n          <img decoding=\"async\" width=\"1920\" height=\"1080\" src=\"https:\/\/mimatica.com\/wp-content\/uploads\/2026\/03\/MM_Calendario-Lunar_Portada-marzo.jpg\" class=\"attachment-full size-full wp-post-image\" alt=\"Calendario lunar marzo 2026 jardiner\u00eda Colombia - Fases lunares Mi Matica\" \/><span class=\"post-type\"><i class=\"tb-icon tb-icon-type-image\"><\/i><\/span>        <\/a> \r\n    <\/figure>\r\n    <div class=\"entry-header\">\r\n        \t\t\t\t\t<ul class=\"entry-meta-list\">\r\n\t\t\t\t\r\n\t\t\t\t\t\t\t\t\t\t\t\t\t<li class=\"entry-author\">\r\n\t\t\t\t\t\t<img alt='' src='https:\/\/secure.gravatar.com\/avatar\/6d529b70d42c10ed7d9763a067095248d9e68029e23ecd42201f458241e36a17?s=70&#038;d=mm&#038;r=g' srcset='https:\/\/secure.gravatar.com\/avatar\/6d529b70d42c10ed7d9763a067095248d9e68029e23ecd42201f458241e36a17?s=140&#038;d=mm&#038;r=g 2x' class='avatar avatar-70 photo' height='70' width='70' \/>\t\t\t\t\t\t<span>By <\/span>\r\n\t\t\t\t\t\t<a href=\"https:\/\/mimatica.com\/en\/author\/admin_2tf5edub\/\" title=\"Posts by Yusley Vivas\" rel=\"author\">Yusley Vivas<\/a><\/li>\r\n\t\t\t\t\r\n\t\t\t\t\t\t\t\t\t\t\t\t\t<li class=\"entry-date\"><i class=\"tb-icon tb-icon-clock\"><\/i><span class=\"screen-reader-text\">Posted on<\/span> <a href=\"https:\/\/mimatica.com\/en\/calendario-lunar-marzo-2026-jardineria-colombia\/\" rel=\"bookmark\"><time class=\"entry-date published updated\" datetime=\"2026-03-01T17:22:48-05:00\">01\/03\/2026<\/time><\/a><\/li>\r\n\t\t\t\t\r\n\t\t\t\t\t\t\t\t\t\t\t\t\t<li class=\"comments-link\">\r\n\t\t\t\t\t\t<i class=\"tb-icon tb-icon-comment-alt\"><\/i>\r\n\t\t\t\t\t\t<a href=\"https:\/\/mimatica.com\/en\/calendario-lunar-marzo-2026-jardineria-colombia\/#respond\">0<span><\/span><\/a>\t\t\t\t\t<\/li>\r\n\t\t\t\t\r\n\t\t\t\t\t\t\t\t\r\n\t\t\t\t\t\t\t\t\r\n\t\t\t\t\t\t\t\t\t\t\t<\/ul>\r\n\t\t\t\t\t        \r\n                \r\n                    <h3 class=\"entry-title\">\r\n                <a href=\"https:\/\/mimatica.com\/en\/calendario-lunar-marzo-2026-jardineria-colombia\/\">Calendario Lunar Marzo 2026: Prepara tu Jard\u00edn para las Lluvias<\/a>\r\n            <\/h3>\r\n        \r\n        \r\n\r\n       \r\n\r\n        \r\n        \r\n            <\/div>\r\n<\/article>\r\n     \r\n            <\/div>\r\n                    <div class=\"item\">\r\n                <article class=\"post item-post post-style-2\">   \r\n    <figure class=\"entry-thumb\">\r\n        <a href=\"https:\/\/mimatica.com\/en\/calendario-lunar-febrero-2026-jardineria-colombia\/\"  class=\"entry-image\">\r\n          <img decoding=\"async\" width=\"1920\" height=\"1080\" src=\"https:\/\/mimatica.com\/wp-content\/uploads\/2026\/02\/portada-wed-calendario-FEBRERO2026.jpg\" class=\"attachment-full size-full wp-post-image\" alt=\"Calendario lunar febrero 2026 jardiner\u00eda Colombia - Fases lunares Mi Matica\" \/><span class=\"post-type\"><i class=\"tb-icon tb-icon-type-image\"><\/i><\/span>        <\/a> \r\n    <\/figure>\r\n    <div class=\"entry-header\">\r\n        \t\t\t\t\t<ul class=\"entry-meta-list\">\r\n\t\t\t\t\r\n\t\t\t\t\t\t\t\t\t\t\t\t\t<li class=\"entry-author\">\r\n\t\t\t\t\t\t<img alt='' src='https:\/\/secure.gravatar.com\/avatar\/6d529b70d42c10ed7d9763a067095248d9e68029e23ecd42201f458241e36a17?s=70&#038;d=mm&#038;r=g' srcset='https:\/\/secure.gravatar.com\/avatar\/6d529b70d42c10ed7d9763a067095248d9e68029e23ecd42201f458241e36a17?s=140&#038;d=mm&#038;r=g 2x' class='avatar avatar-70 photo' height='70' width='70' \/>\t\t\t\t\t\t<span>By <\/span>\r\n\t\t\t\t\t\t<a href=\"https:\/\/mimatica.com\/en\/author\/admin_2tf5edub\/\" title=\"Posts by Yusley Vivas\" rel=\"author\">Yusley Vivas<\/a><\/li>\r\n\t\t\t\t\r\n\t\t\t\t\t\t\t\t\t\t\t\t\t<li class=\"entry-date\"><i class=\"tb-icon tb-icon-clock\"><\/i><span class=\"screen-reader-text\">Posted on<\/span> <a href=\"https:\/\/mimatica.com\/en\/calendario-lunar-febrero-2026-jardineria-colombia\/\" rel=\"bookmark\"><time class=\"entry-date published updated\" datetime=\"2026-02-02T17:56:45-05:00\">02\/02\/2026<\/time><\/a><\/li>\r\n\t\t\t\t\r\n\t\t\t\t\t\t\t\t\t\t\t\t\t<li class=\"comments-link\">\r\n\t\t\t\t\t\t<i class=\"tb-icon tb-icon-comment-alt\"><\/i>\r\n\t\t\t\t\t\t<a href=\"https:\/\/mimatica.com\/en\/calendario-lunar-febrero-2026-jardineria-colombia\/#respond\">0<span><\/span><\/a>\t\t\t\t\t<\/li>\r\n\t\t\t\t\r\n\t\t\t\t\t\t\t\t\r\n\t\t\t\t\t\t\t\t\r\n\t\t\t\t\t\t\t\t\t\t\t<\/ul>\r\n\t\t\t\t\t        \r\n                \r\n                    <h3 class=\"entry-title\">\r\n                <a href=\"https:\/\/mimatica.com\/en\/calendario-lunar-febrero-2026-jardineria-colombia\/\">Calendario Lunar Febrero 2026: Amor y Preparaci\u00f3n en el Jard\u00edn<\/a>\r\n            <\/h3>\r\n        \r\n        \r\n\r\n       \r\n\r\n        \r\n        \r\n            <\/div>\r\n<\/article>\r\n     \r\n            <\/div>\r\n                    <div class=\"item\">\r\n                <article class=\"post item-post post-style-2\">   \r\n    <figure class=\"entry-thumb\">\r\n        <a href=\"https:\/\/mimatica.com\/en\/calendario-lunar-enero-2026-jardineria-colombia\/\"  class=\"entry-image\">\r\n          <img loading=\"lazy\" decoding=\"async\" width=\"1500\" height=\"844\" src=\"https:\/\/mimatica.com\/wp-content\/uploads\/2025\/12\/calendario-lunar-enero-2026-jardineria-colombia.jpg\" class=\"attachment-full size-full wp-post-image\" alt=\"Calendario lunar enero 2026 jardiner\u00eda Colombia - Fases lunares Mi Matica\" \/><span class=\"post-type\"><i class=\"tb-icon tb-icon-type-image\"><\/i><\/span>        <\/a> \r\n    <\/figure>\r\n    <div class=\"entry-header\">\r\n        \t\t\t\t\t<ul class=\"entry-meta-list\">\r\n\t\t\t\t\r\n\t\t\t\t\t\t\t\t\t\t\t\t\t<li class=\"entry-author\">\r\n\t\t\t\t\t\t<img alt='' src='https:\/\/secure.gravatar.com\/avatar\/6d529b70d42c10ed7d9763a067095248d9e68029e23ecd42201f458241e36a17?s=70&#038;d=mm&#038;r=g' srcset='https:\/\/secure.gravatar.com\/avatar\/6d529b70d42c10ed7d9763a067095248d9e68029e23ecd42201f458241e36a17?s=140&#038;d=mm&#038;r=g 2x' class='avatar avatar-70 photo' height='70' width='70' \/>\t\t\t\t\t\t<span>By <\/span>\r\n\t\t\t\t\t\t<a href=\"https:\/\/mimatica.com\/en\/author\/admin_2tf5edub\/\" title=\"Posts by Yusley Vivas\" rel=\"author\">Yusley Vivas<\/a><\/li>\r\n\t\t\t\t\r\n\t\t\t\t\t\t\t\t\t\t\t\t\t<li class=\"entry-date\"><i class=\"tb-icon tb-icon-clock\"><\/i><span class=\"screen-reader-text\">Posted on<\/span> <a href=\"https:\/\/mimatica.com\/en\/calendario-lunar-enero-2026-jardineria-colombia\/\" rel=\"bookmark\"><time class=\"entry-date published updated\" datetime=\"2025-12-30T14:41:39-05:00\">30\/12\/2025<\/time><\/a><\/li>\r\n\t\t\t\t\r\n\t\t\t\t\t\t\t\t\t\t\t\t\t<li class=\"comments-link\">\r\n\t\t\t\t\t\t<i class=\"tb-icon tb-icon-comment-alt\"><\/i>\r\n\t\t\t\t\t\t<a href=\"https:\/\/mimatica.com\/en\/calendario-lunar-enero-2026-jardineria-colombia\/#respond\">0<span><\/span><\/a>\t\t\t\t\t<\/li>\r\n\t\t\t\t\r\n\t\t\t\t\t\t\t\t\r\n\t\t\t\t\t\t\t\t\r\n\t\t\t\t\t\t\t\t\t\t\t<\/ul>\r\n\t\t\t\t\t        \r\n                \r\n                    <h3 class=\"entry-title\">\r\n                <a href=\"https:\/\/mimatica.com\/en\/calendario-lunar-enero-2026-jardineria-colombia\/\">Calendario Lunar Enero 2026: Gu\u00eda D\u00eda por D\u00eda para Sembrar y Cuidar tu Jard\u00edn en Colombia<\/a>\r\n            <\/h3>\r\n        \r\n        \r\n\r\n       \r\n\r\n        \r\n        \r\n            <\/div>\r\n<\/article>\r\n     \r\n            <\/div>\r\n                    <div class=\"item\">\r\n                <article class=\"post item-post post-style-2\">   \r\n    <figure class=\"entry-thumb\">\r\n        <a href=\"https:\/\/mimatica.com\/en\/plantas-para-regalar-segun-la-ocasion\/\"  class=\"entry-image\">\r\n          <img loading=\"lazy\" decoding=\"async\" width=\"1080\" height=\"864\" src=\"https:\/\/mimatica.com\/wp-content\/uploads\/2025\/10\/las-mejores-plantas-para-regalar-segun-la-ocasion.webp\" class=\"attachment-full size-full wp-post-image\" alt=\"Las mejores plantas para regalar segun la ocasion\" \/><span class=\"post-type\"><i class=\"tb-icon tb-icon-type-image\"><\/i><\/span>        <\/a> \r\n    <\/figure>\r\n    <div class=\"entry-header\">\r\n        \t\t\t\t\t<ul class=\"entry-meta-list\">\r\n\t\t\t\t\r\n\t\t\t\t\t\t\t\t\t\t\t\t\t<li class=\"entry-author\">\r\n\t\t\t\t\t\t<img alt='' src='https:\/\/secure.gravatar.com\/avatar\/6d529b70d42c10ed7d9763a067095248d9e68029e23ecd42201f458241e36a17?s=70&#038;d=mm&#038;r=g' srcset='https:\/\/secure.gravatar.com\/avatar\/6d529b70d42c10ed7d9763a067095248d9e68029e23ecd42201f458241e36a17?s=140&#038;d=mm&#038;r=g 2x' class='avatar avatar-70 photo' height='70' width='70' \/>\t\t\t\t\t\t<span>By <\/span>\r\n\t\t\t\t\t\t<a href=\"https:\/\/mimatica.com\/en\/author\/admin_2tf5edub\/\" title=\"Posts by Yusley Vivas\" rel=\"author\">Yusley Vivas<\/a><\/li>\r\n\t\t\t\t\r\n\t\t\t\t\t\t\t\t\t\t\t\t\t<li class=\"entry-date\"><i class=\"tb-icon tb-icon-clock\"><\/i><span class=\"screen-reader-text\">Posted on<\/span> <a href=\"https:\/\/mimatica.com\/en\/plantas-para-regalar-segun-la-ocasion\/\" rel=\"bookmark\"><time class=\"entry-date published updated\" datetime=\"2025-10-24T12:01:54-05:00\">24\/10\/2025<\/time><\/a><\/li>\r\n\t\t\t\t\r\n\t\t\t\t\t\t\t\t\t\t\t\t\t<li class=\"comments-link\">\r\n\t\t\t\t\t\t<i class=\"tb-icon tb-icon-comment-alt\"><\/i>\r\n\t\t\t\t\t\t<a href=\"https:\/\/mimatica.com\/en\/plantas-para-regalar-segun-la-ocasion\/#respond\">0<span><\/span><\/a>\t\t\t\t\t<\/li>\r\n\t\t\t\t\r\n\t\t\t\t\t\t\t\t\r\n\t\t\t\t\t\t\t\t\r\n\t\t\t\t\t\t\t\t\t\t\t<\/ul>\r\n\t\t\t\t\t        \r\n                \r\n                    <h3 class=\"entry-title\">\r\n                <a href=\"https:\/\/mimatica.com\/en\/plantas-para-regalar-segun-la-ocasion\/\">Las mejores plantas para regalar seg\u00fan la ocasi\u00f3n<\/a>\r\n            <\/h3>\r\n        \r\n        \r\n\r\n       \r\n\r\n        \r\n        \r\n            <\/div>\r\n<\/article>\r\n     \r\n            <\/div>\r\n                    <div class=\"item\">\r\n                <article class=\"post item-post post-style-2\">   \r\n    <figure class=\"entry-thumb\">\r\n        <a href=\"https:\/\/mimatica.com\/en\/cuidado-olivo-negro-en-casa-colombia\/\"  class=\"entry-image\">\r\n          <img loading=\"lazy\" decoding=\"async\" width=\"1536\" height=\"1024\" src=\"https:\/\/mimatica.com\/wp-content\/uploads\/2025\/07\/Olivo-negro.png\" class=\"attachment-full size-full wp-post-image\" alt=\"Olivo negro Bucida buceras en matera decorativa dentro de sala moderna con luz natural de la tarde. Planta ornamental ideal para interiores en Colombia, recomendada por Mi Matica.\" \/><span class=\"post-type\"><i class=\"tb-icon tb-icon-type-image\"><\/i><\/span>        <\/a> \r\n    <\/figure>\r\n    <div class=\"entry-header\">\r\n        \t\t\t\t\t<ul class=\"entry-meta-list\">\r\n\t\t\t\t\r\n\t\t\t\t\t\t\t\t\t\t\t\t\t<li class=\"entry-author\">\r\n\t\t\t\t\t\t<img alt='' src='https:\/\/secure.gravatar.com\/avatar\/6d529b70d42c10ed7d9763a067095248d9e68029e23ecd42201f458241e36a17?s=70&#038;d=mm&#038;r=g' srcset='https:\/\/secure.gravatar.com\/avatar\/6d529b70d42c10ed7d9763a067095248d9e68029e23ecd42201f458241e36a17?s=140&#038;d=mm&#038;r=g 2x' class='avatar avatar-70 photo' height='70' width='70' \/>\t\t\t\t\t\t<span>By <\/span>\r\n\t\t\t\t\t\t<a href=\"https:\/\/mimatica.com\/en\/author\/admin_2tf5edub\/\" title=\"Posts by Yusley Vivas\" rel=\"author\">Yusley Vivas<\/a><\/li>\r\n\t\t\t\t\r\n\t\t\t\t\t\t\t\t\t\t\t\t\t<li class=\"entry-date\"><i class=\"tb-icon tb-icon-clock\"><\/i><span class=\"screen-reader-text\">Posted on<\/span> <a href=\"https:\/\/mimatica.com\/en\/cuidado-olivo-negro-en-casa-colombia\/\" rel=\"bookmark\"><time class=\"entry-date published updated\" datetime=\"2025-07-21T14:53:08-05:00\">21\/07\/2025<\/time><\/a><\/li>\r\n\t\t\t\t\r\n\t\t\t\t\t\t\t\t\t\t\t\t\t<li class=\"comments-link\">\r\n\t\t\t\t\t\t<i class=\"tb-icon tb-icon-comment-alt\"><\/i>\r\n\t\t\t\t\t\t<a href=\"https:\/\/mimatica.com\/en\/cuidado-olivo-negro-en-casa-colombia\/#respond\">0<span><\/span><\/a>\t\t\t\t\t<\/li>\r\n\t\t\t\t\r\n\t\t\t\t\t\t\t\t\r\n\t\t\t\t\t\t\t\t\r\n\t\t\t\t\t\t\t\t\t\t\t<\/ul>\r\n\t\t\t\t\t        \r\n                \r\n                    <h3 class=\"entry-title\">\r\n                <a href=\"https:\/\/mimatica.com\/en\/cuidado-olivo-negro-en-casa-colombia\/\">Gu\u00eda de Cuidados para el Olivo Negro: Un \u00e1rbol milenario, ahora en tu hogar<\/a>\r\n            <\/h3>\r\n        \r\n        \r\n\r\n       \r\n\r\n        \r\n        \r\n            <\/div>\r\n<\/article>\r\n     \r\n            <\/div>\r\n         \r\n    <\/div>\r\n<\/div>\r\n\r\n\t\t\t\t<\/div>\n\t\t\t\t<\/div>\n\t\t\t\t<div class=\"elementor-element elementor-element-74a23c7 elementor-widget elementor-widget-tbay-posts-grid\" data-id=\"74a23c7\" data-element_type=\"widget\" data-e-type=\"widget\" data-widget_type=\"tbay-posts-grid.default\">\n\t\t\t\t<div class=\"elementor-widget-container\">\n\t\t\t\t\t\r\n<div class=\"tbay-element tbay-element-posts-grid\">\r\n\r\n    \t\t\t<h3 class=\"heading-tbay-title\">\r\n\t\t\t\t\t\t\t\t\t<span class=\"title\">Post Style 3<\/span>\r\n\t\t\t\t\t    \t\r\n\t\t\t\t\t\t\t<\/h3>\r\n\t\t\r\n    <div class=\"posts-grid row grid\" data-xlgdesktop=\"1\" data-desktop=\"1\" data-desktopsmall=\"1\" data-tablet=\"1\" data-landscape=\"1\" data-mobile=\"1\">\r\n\r\n                    <div class=\"item\">\r\n                <article class=\"post item-post post-style-3\">   \r\n    <figure class=\"entry-thumb\">\r\n        <a href=\"https:\/\/mimatica.com\/en\/calendario-lunar-abril-2026-prepara-tu-jardin-para-las-lluvias\/\"  class=\"entry-image\">\r\n          <img loading=\"lazy\" decoding=\"async\" width=\"370\" height=\"247\" src=\"https:\/\/mimatica.com\/wp-content\/uploads\/2026\/04\/portada-wed-calendario-Abril-370x247.jpg\" class=\"attachment-thumbnail size-thumbnail wp-post-image\" alt=\"Calendario lunar abril 2026 jardiner\u00eda Colombia - Fases lunares Mi Matica\" \/><span class=\"post-type\"><i class=\"tb-icon tb-icon-type-image\"><\/i><\/span>        <\/a> \r\n    <\/figure>\r\n    <div class=\"entry-header\">\r\n        \t\t\t\t\t<ul class=\"entry-meta-list\">\r\n\t\t\t\t\r\n\t\t\t\t\t\t\t\t\t\t\t\t\t<li class=\"entry-author\">\r\n\t\t\t\t\t\t<img alt='' src='https:\/\/secure.gravatar.com\/avatar\/6d529b70d42c10ed7d9763a067095248d9e68029e23ecd42201f458241e36a17?s=70&#038;d=mm&#038;r=g' srcset='https:\/\/secure.gravatar.com\/avatar\/6d529b70d42c10ed7d9763a067095248d9e68029e23ecd42201f458241e36a17?s=140&#038;d=mm&#038;r=g 2x' class='avatar avatar-70 photo' height='70' width='70' \/>\t\t\t\t\t\t<span>By <\/span>\r\n\t\t\t\t\t\t<a href=\"https:\/\/mimatica.com\/en\/author\/admin_2tf5edub\/\" title=\"Posts by Yusley Vivas\" rel=\"author\">Yusley Vivas<\/a><\/li>\r\n\t\t\t\t\r\n\t\t\t\t\t\t\t\t\t\t\t\t\t<li class=\"entry-date\"><i class=\"tb-icon tb-icon-clock\"><\/i><span class=\"screen-reader-text\">Posted on<\/span> <a href=\"https:\/\/mimatica.com\/en\/calendario-lunar-abril-2026-prepara-tu-jardin-para-las-lluvias\/\" rel=\"bookmark\"><time class=\"entry-date published updated\" datetime=\"2026-04-01T17:39:59-05:00\">01\/04\/2026<\/time><\/a><\/li>\r\n\t\t\t\t\r\n\t\t\t\t\t\t\t\t\t\t\t\t\t<li class=\"comments-link\">\r\n\t\t\t\t\t\t<i class=\"tb-icon tb-icon-comment-alt\"><\/i>\r\n\t\t\t\t\t\t<a href=\"https:\/\/mimatica.com\/en\/calendario-lunar-abril-2026-prepara-tu-jardin-para-las-lluvias\/#respond\">0<span><\/span><\/a>\t\t\t\t\t<\/li>\r\n\t\t\t\t\r\n\t\t\t\t\t\t\t\t\r\n\t\t\t\t\t\t\t\t\r\n\t\t\t\t\t\t\t\t\t\t            <li class=\"entry-category\"><a href=\"https:\/\/mimatica.com\/en\/category\/calendario-lunar-jardineria-colombia\/\" title=\"View all posts in Calendario Lunar\">Calendario Lunar<\/a><\/li>\r\n\t\t        \t\t\t<\/ul>\r\n\t\t\t\t\t        \r\n                \r\n                    <h3 class=\"entry-title\">\r\n                <a href=\"https:\/\/mimatica.com\/en\/calendario-lunar-abril-2026-prepara-tu-jardin-para-las-lluvias\/\">Calendario Lunar Abril 2026: Prepara tu Jard\u00edn para las Lluvias<\/a>\r\n            <\/h3>\r\n        \r\n        \r\n\r\n       \r\n\r\n                    <div class=\"entry-description\">Gu\u00eda completa para cuidar esta matica elegante, fuerte y f\u00e1cil de amar\n<\/div>\r\n        \r\n        \r\n            <\/div>\r\n<\/article>\r\n     \r\n            <\/div>\r\n                    <div class=\"item\">\r\n                <article class=\"post item-post post-style-3\">   \r\n    <figure class=\"entry-thumb\">\r\n        <a href=\"https:\/\/mimatica.com\/en\/calendario-lunar-marzo-2026-jardineria-colombia\/\"  class=\"entry-image\">\r\n          <img loading=\"lazy\" decoding=\"async\" width=\"370\" height=\"247\" src=\"https:\/\/mimatica.com\/wp-content\/uploads\/2026\/03\/MM_Calendario-Lunar_Portada-marzo-370x247.jpg\" class=\"attachment-thumbnail size-thumbnail wp-post-image\" alt=\"Calendario lunar marzo 2026 jardiner\u00eda Colombia - Fases lunares Mi Matica\" \/><span class=\"post-type\"><i class=\"tb-icon tb-icon-type-image\"><\/i><\/span>        <\/a> \r\n    <\/figure>\r\n    <div class=\"entry-header\">\r\n        \t\t\t\t\t<ul class=\"entry-meta-list\">\r\n\t\t\t\t\r\n\t\t\t\t\t\t\t\t\t\t\t\t\t<li class=\"entry-author\">\r\n\t\t\t\t\t\t<img alt='' src='https:\/\/secure.gravatar.com\/avatar\/6d529b70d42c10ed7d9763a067095248d9e68029e23ecd42201f458241e36a17?s=70&#038;d=mm&#038;r=g' srcset='https:\/\/secure.gravatar.com\/avatar\/6d529b70d42c10ed7d9763a067095248d9e68029e23ecd42201f458241e36a17?s=140&#038;d=mm&#038;r=g 2x' class='avatar avatar-70 photo' height='70' width='70' \/>\t\t\t\t\t\t<span>By <\/span>\r\n\t\t\t\t\t\t<a href=\"https:\/\/mimatica.com\/en\/author\/admin_2tf5edub\/\" title=\"Posts by Yusley Vivas\" rel=\"author\">Yusley Vivas<\/a><\/li>\r\n\t\t\t\t\r\n\t\t\t\t\t\t\t\t\t\t\t\t\t<li class=\"entry-date\"><i class=\"tb-icon tb-icon-clock\"><\/i><span class=\"screen-reader-text\">Posted on<\/span> <a href=\"https:\/\/mimatica.com\/en\/calendario-lunar-marzo-2026-jardineria-colombia\/\" rel=\"bookmark\"><time class=\"entry-date published updated\" datetime=\"2026-03-01T17:22:48-05:00\">01\/03\/2026<\/time><\/a><\/li>\r\n\t\t\t\t\r\n\t\t\t\t\t\t\t\t\t\t\t\t\t<li class=\"comments-link\">\r\n\t\t\t\t\t\t<i class=\"tb-icon tb-icon-comment-alt\"><\/i>\r\n\t\t\t\t\t\t<a href=\"https:\/\/mimatica.com\/en\/calendario-lunar-marzo-2026-jardineria-colombia\/#respond\">0<span><\/span><\/a>\t\t\t\t\t<\/li>\r\n\t\t\t\t\r\n\t\t\t\t\t\t\t\t\r\n\t\t\t\t\t\t\t\t\r\n\t\t\t\t\t\t\t\t\t\t            <li class=\"entry-category\"><a href=\"https:\/\/mimatica.com\/en\/category\/calendario-lunar-jardineria-colombia\/\" title=\"View all posts in Calendario Lunar\">Calendario Lunar<\/a><\/li>\r\n\t\t        \t\t\t<\/ul>\r\n\t\t\t\t\t        \r\n                \r\n                    <h3 class=\"entry-title\">\r\n                <a href=\"https:\/\/mimatica.com\/en\/calendario-lunar-marzo-2026-jardineria-colombia\/\">Calendario Lunar Marzo 2026: Prepara tu Jard\u00edn para las Lluvias<\/a>\r\n            <\/h3>\r\n        \r\n        \r\n\r\n       \r\n\r\n                    <div class=\"entry-description\">Gu\u00eda completa para cuidar esta matica elegante, fuerte y f\u00e1cil de amar\n<\/div>\r\n        \r\n        \r\n            <\/div>\r\n<\/article>\r\n     \r\n            <\/div>\r\n                    <div class=\"item\">\r\n                <article class=\"post item-post post-style-3\">   \r\n    <figure class=\"entry-thumb\">\r\n        <a href=\"https:\/\/mimatica.com\/en\/calendario-lunar-febrero-2026-jardineria-colombia\/\"  class=\"entry-image\">\r\n          <img loading=\"lazy\" decoding=\"async\" width=\"370\" height=\"247\" src=\"https:\/\/mimatica.com\/wp-content\/uploads\/2026\/02\/portada-wed-calendario-FEBRERO2026-370x247.jpg\" class=\"attachment-thumbnail size-thumbnail wp-post-image\" alt=\"Calendario lunar febrero 2026 jardiner\u00eda Colombia - Fases lunares Mi Matica\" \/><span class=\"post-type\"><i class=\"tb-icon tb-icon-type-image\"><\/i><\/span>        <\/a> \r\n    <\/figure>\r\n    <div class=\"entry-header\">\r\n        \t\t\t\t\t<ul class=\"entry-meta-list\">\r\n\t\t\t\t\r\n\t\t\t\t\t\t\t\t\t\t\t\t\t<li class=\"entry-author\">\r\n\t\t\t\t\t\t<img alt='' src='https:\/\/secure.gravatar.com\/avatar\/6d529b70d42c10ed7d9763a067095248d9e68029e23ecd42201f458241e36a17?s=70&#038;d=mm&#038;r=g' srcset='https:\/\/secure.gravatar.com\/avatar\/6d529b70d42c10ed7d9763a067095248d9e68029e23ecd42201f458241e36a17?s=140&#038;d=mm&#038;r=g 2x' class='avatar avatar-70 photo' height='70' width='70' \/>\t\t\t\t\t\t<span>By <\/span>\r\n\t\t\t\t\t\t<a href=\"https:\/\/mimatica.com\/en\/author\/admin_2tf5edub\/\" title=\"Posts by Yusley Vivas\" rel=\"author\">Yusley Vivas<\/a><\/li>\r\n\t\t\t\t\r\n\t\t\t\t\t\t\t\t\t\t\t\t\t<li class=\"entry-date\"><i class=\"tb-icon tb-icon-clock\"><\/i><span class=\"screen-reader-text\">Posted on<\/span> <a href=\"https:\/\/mimatica.com\/en\/calendario-lunar-febrero-2026-jardineria-colombia\/\" rel=\"bookmark\"><time class=\"entry-date published updated\" datetime=\"2026-02-02T17:56:45-05:00\">02\/02\/2026<\/time><\/a><\/li>\r\n\t\t\t\t\r\n\t\t\t\t\t\t\t\t\t\t\t\t\t<li class=\"comments-link\">\r\n\t\t\t\t\t\t<i class=\"tb-icon tb-icon-comment-alt\"><\/i>\r\n\t\t\t\t\t\t<a href=\"https:\/\/mimatica.com\/en\/calendario-lunar-febrero-2026-jardineria-colombia\/#respond\">0<span><\/span><\/a>\t\t\t\t\t<\/li>\r\n\t\t\t\t\r\n\t\t\t\t\t\t\t\t\r\n\t\t\t\t\t\t\t\t\r\n\t\t\t\t\t\t\t\t\t\t            <li class=\"entry-category\"><a href=\"https:\/\/mimatica.com\/en\/category\/calendario-lunar-jardineria-colombia\/\" title=\"View all posts in Calendario Lunar\">Calendario Lunar<\/a><\/li>\r\n\t\t        \t\t\t<\/ul>\r\n\t\t\t\t\t        \r\n                \r\n                    <h3 class=\"entry-title\">\r\n                <a href=\"https:\/\/mimatica.com\/en\/calendario-lunar-febrero-2026-jardineria-colombia\/\">Calendario Lunar Febrero 2026: Amor y Preparaci\u00f3n en el Jard\u00edn<\/a>\r\n            <\/h3>\r\n        \r\n        \r\n\r\n       \r\n\r\n                    <div class=\"entry-description\">Gu\u00eda completa para cuidar esta matica elegante, fuerte y f\u00e1cil de amar\n<\/div>\r\n        \r\n        \r\n            <\/div>\r\n<\/article>\r\n     \r\n            <\/div>\r\n                    <div class=\"item\">\r\n                <article class=\"post item-post post-style-3\">   \r\n    <figure class=\"entry-thumb\">\r\n        <a href=\"https:\/\/mimatica.com\/en\/calendario-lunar-enero-2026-jardineria-colombia\/\"  class=\"entry-image\">\r\n          <img loading=\"lazy\" decoding=\"async\" width=\"370\" height=\"247\" src=\"https:\/\/mimatica.com\/wp-content\/uploads\/2025\/12\/calendario-lunar-enero-2026-jardineria-colombia-370x247.jpg\" class=\"attachment-thumbnail size-thumbnail wp-post-image\" alt=\"Calendario lunar enero 2026 jardiner\u00eda Colombia - Fases lunares Mi Matica\" \/><span class=\"post-type\"><i class=\"tb-icon tb-icon-type-image\"><\/i><\/span>        <\/a> \r\n    <\/figure>\r\n    <div class=\"entry-header\">\r\n        \t\t\t\t\t<ul class=\"entry-meta-list\">\r\n\t\t\t\t\r\n\t\t\t\t\t\t\t\t\t\t\t\t\t<li class=\"entry-author\">\r\n\t\t\t\t\t\t<img alt='' src='https:\/\/secure.gravatar.com\/avatar\/6d529b70d42c10ed7d9763a067095248d9e68029e23ecd42201f458241e36a17?s=70&#038;d=mm&#038;r=g' srcset='https:\/\/secure.gravatar.com\/avatar\/6d529b70d42c10ed7d9763a067095248d9e68029e23ecd42201f458241e36a17?s=140&#038;d=mm&#038;r=g 2x' class='avatar avatar-70 photo' height='70' width='70' \/>\t\t\t\t\t\t<span>By <\/span>\r\n\t\t\t\t\t\t<a href=\"https:\/\/mimatica.com\/en\/author\/admin_2tf5edub\/\" title=\"Posts by Yusley Vivas\" rel=\"author\">Yusley Vivas<\/a><\/li>\r\n\t\t\t\t\r\n\t\t\t\t\t\t\t\t\t\t\t\t\t<li class=\"entry-date\"><i class=\"tb-icon tb-icon-clock\"><\/i><span class=\"screen-reader-text\">Posted on<\/span> <a href=\"https:\/\/mimatica.com\/en\/calendario-lunar-enero-2026-jardineria-colombia\/\" rel=\"bookmark\"><time class=\"entry-date published updated\" datetime=\"2025-12-30T14:41:39-05:00\">30\/12\/2025<\/time><\/a><\/li>\r\n\t\t\t\t\r\n\t\t\t\t\t\t\t\t\t\t\t\t\t<li class=\"comments-link\">\r\n\t\t\t\t\t\t<i class=\"tb-icon tb-icon-comment-alt\"><\/i>\r\n\t\t\t\t\t\t<a href=\"https:\/\/mimatica.com\/en\/calendario-lunar-enero-2026-jardineria-colombia\/#respond\">0<span><\/span><\/a>\t\t\t\t\t<\/li>\r\n\t\t\t\t\r\n\t\t\t\t\t\t\t\t\r\n\t\t\t\t\t\t\t\t\r\n\t\t\t\t\t\t\t\t\t\t            <li class=\"entry-category\"><a href=\"https:\/\/mimatica.com\/en\/category\/calendario-lunar-jardineria-colombia\/\" title=\"View all posts in Calendario Lunar\">Calendario Lunar<\/a><\/li>\r\n\t\t        \t\t\t<\/ul>\r\n\t\t\t\t\t        \r\n                \r\n                    <h3 class=\"entry-title\">\r\n                <a href=\"https:\/\/mimatica.com\/en\/calendario-lunar-enero-2026-jardineria-colombia\/\">Calendario Lunar Enero 2026: Gu\u00eda D\u00eda por D\u00eda para Sembrar y Cuidar tu Jard\u00edn en Colombia<\/a>\r\n            <\/h3>\r\n        \r\n        \r\n\r\n       \r\n\r\n                    <div class=\"entry-description\">Gu\u00eda completa para cuidar esta matica elegante, fuerte y f\u00e1cil de amar\n<\/div>\r\n        \r\n        \r\n            <\/div>\r\n<\/article>\r\n     \r\n            <\/div>\r\n                    <div class=\"item\">\r\n                <article class=\"post item-post post-style-3\">   \r\n    <figure class=\"entry-thumb\">\r\n        <a href=\"https:\/\/mimatica.com\/en\/plantas-para-regalar-segun-la-ocasion\/\"  class=\"entry-image\">\r\n          <img loading=\"lazy\" decoding=\"async\" width=\"370\" height=\"247\" src=\"https:\/\/mimatica.com\/wp-content\/uploads\/2025\/10\/las-mejores-plantas-para-regalar-segun-la-ocasion-370x247.webp\" class=\"attachment-thumbnail size-thumbnail wp-post-image\" alt=\"Las mejores plantas para regalar segun la ocasion\" \/><span class=\"post-type\"><i class=\"tb-icon tb-icon-type-image\"><\/i><\/span>        <\/a> \r\n    <\/figure>\r\n    <div class=\"entry-header\">\r\n        \t\t\t\t\t<ul class=\"entry-meta-list\">\r\n\t\t\t\t\r\n\t\t\t\t\t\t\t\t\t\t\t\t\t<li class=\"entry-author\">\r\n\t\t\t\t\t\t<img alt='' src='https:\/\/secure.gravatar.com\/avatar\/6d529b70d42c10ed7d9763a067095248d9e68029e23ecd42201f458241e36a17?s=70&#038;d=mm&#038;r=g' srcset='https:\/\/secure.gravatar.com\/avatar\/6d529b70d42c10ed7d9763a067095248d9e68029e23ecd42201f458241e36a17?s=140&#038;d=mm&#038;r=g 2x' class='avatar avatar-70 photo' height='70' width='70' \/>\t\t\t\t\t\t<span>By <\/span>\r\n\t\t\t\t\t\t<a href=\"https:\/\/mimatica.com\/en\/author\/admin_2tf5edub\/\" title=\"Posts by Yusley Vivas\" rel=\"author\">Yusley Vivas<\/a><\/li>\r\n\t\t\t\t\r\n\t\t\t\t\t\t\t\t\t\t\t\t\t<li class=\"entry-date\"><i class=\"tb-icon tb-icon-clock\"><\/i><span class=\"screen-reader-text\">Posted on<\/span> <a href=\"https:\/\/mimatica.com\/en\/plantas-para-regalar-segun-la-ocasion\/\" rel=\"bookmark\"><time class=\"entry-date published updated\" datetime=\"2025-10-24T12:01:54-05:00\">24\/10\/2025<\/time><\/a><\/li>\r\n\t\t\t\t\r\n\t\t\t\t\t\t\t\t\t\t\t\t\t<li class=\"comments-link\">\r\n\t\t\t\t\t\t<i class=\"tb-icon tb-icon-comment-alt\"><\/i>\r\n\t\t\t\t\t\t<a href=\"https:\/\/mimatica.com\/en\/plantas-para-regalar-segun-la-ocasion\/#respond\">0<span><\/span><\/a>\t\t\t\t\t<\/li>\r\n\t\t\t\t\r\n\t\t\t\t\t\t\t\t\r\n\t\t\t\t\t\t\t\t\r\n\t\t\t\t\t\t\t\t\t\t            <li class=\"entry-category\"><a href=\"https:\/\/mimatica.com\/en\/category\/cuidado-de-plantas\/\" title=\"View all posts in Cuidado de plantas\">Cuidado de plantas<\/a><\/li>\r\n\t\t        \t\t\t<\/ul>\r\n\t\t\t\t\t        \r\n                \r\n                    <h3 class=\"entry-title\">\r\n                <a href=\"https:\/\/mimatica.com\/en\/plantas-para-regalar-segun-la-ocasion\/\">Las mejores plantas para regalar seg\u00fan la ocasi\u00f3n<\/a>\r\n            <\/h3>\r\n        \r\n        \r\n\r\n       \r\n\r\n                    <div class=\"entry-description\">Gu\u00eda completa y definitiva para regalar plantas. \u00a1Escoge la mejor de acuerdo a la casi\u00f3n!\n<\/div>\r\n        \r\n        \r\n            <\/div>\r\n<\/article>\r\n     \r\n            <\/div>\r\n                    <div class=\"item\">\r\n                <article class=\"post item-post post-style-3\">   \r\n    <figure class=\"entry-thumb\">\r\n        <a href=\"https:\/\/mimatica.com\/en\/cuidado-olivo-negro-en-casa-colombia\/\"  class=\"entry-image\">\r\n          <img loading=\"lazy\" decoding=\"async\" width=\"370\" height=\"247\" src=\"https:\/\/mimatica.com\/wp-content\/uploads\/2025\/07\/Olivo-negro-370x247.png\" class=\"attachment-thumbnail size-thumbnail wp-post-image\" alt=\"Olivo negro Bucida buceras en matera decorativa dentro de sala moderna con luz natural de la tarde. Planta ornamental ideal para interiores en Colombia, recomendada por Mi Matica.\" \/><span class=\"post-type\"><i class=\"tb-icon tb-icon-type-image\"><\/i><\/span>        <\/a> \r\n    <\/figure>\r\n    <div class=\"entry-header\">\r\n        \t\t\t\t\t<ul class=\"entry-meta-list\">\r\n\t\t\t\t\r\n\t\t\t\t\t\t\t\t\t\t\t\t\t<li class=\"entry-author\">\r\n\t\t\t\t\t\t<img alt='' src='https:\/\/secure.gravatar.com\/avatar\/6d529b70d42c10ed7d9763a067095248d9e68029e23ecd42201f458241e36a17?s=70&#038;d=mm&#038;r=g' srcset='https:\/\/secure.gravatar.com\/avatar\/6d529b70d42c10ed7d9763a067095248d9e68029e23ecd42201f458241e36a17?s=140&#038;d=mm&#038;r=g 2x' class='avatar avatar-70 photo' height='70' width='70' \/>\t\t\t\t\t\t<span>By <\/span>\r\n\t\t\t\t\t\t<a href=\"https:\/\/mimatica.com\/en\/author\/admin_2tf5edub\/\" title=\"Posts by Yusley Vivas\" rel=\"author\">Yusley Vivas<\/a><\/li>\r\n\t\t\t\t\r\n\t\t\t\t\t\t\t\t\t\t\t\t\t<li class=\"entry-date\"><i class=\"tb-icon tb-icon-clock\"><\/i><span class=\"screen-reader-text\">Posted on<\/span> <a href=\"https:\/\/mimatica.com\/en\/cuidado-olivo-negro-en-casa-colombia\/\" rel=\"bookmark\"><time class=\"entry-date published updated\" datetime=\"2025-07-21T14:53:08-05:00\">21\/07\/2025<\/time><\/a><\/li>\r\n\t\t\t\t\r\n\t\t\t\t\t\t\t\t\t\t\t\t\t<li class=\"comments-link\">\r\n\t\t\t\t\t\t<i class=\"tb-icon tb-icon-comment-alt\"><\/i>\r\n\t\t\t\t\t\t<a href=\"https:\/\/mimatica.com\/en\/cuidado-olivo-negro-en-casa-colombia\/#respond\">0<span><\/span><\/a>\t\t\t\t\t<\/li>\r\n\t\t\t\t\r\n\t\t\t\t\t\t\t\t\r\n\t\t\t\t\t\t\t\t\r\n\t\t\t\t\t\t\t\t\t\t            <li class=\"entry-category\"><a href=\"https:\/\/mimatica.com\/en\/category\/cuidado-de-plantas\/\" title=\"View all posts in Cuidado de plantas\">Cuidado de plantas<\/a><\/li>\r\n\t\t        \t\t\t<\/ul>\r\n\t\t\t\t\t        \r\n                \r\n                    <h3 class=\"entry-title\">\r\n                <a href=\"https:\/\/mimatica.com\/en\/cuidado-olivo-negro-en-casa-colombia\/\">Gu\u00eda de Cuidados para el Olivo Negro: Un \u00e1rbol milenario, ahora en tu hogar<\/a>\r\n            <\/h3>\r\n        \r\n        \r\n\r\n       \r\n\r\n                    <div class=\"entry-description\">Gu\u00eda completa para cuidar esta matica elegante, fuerte y f\u00e1cil de amar\n<\/div>\r\n        \r\n        \r\n            <\/div>\r\n<\/article>\r\n     \r\n            <\/div>\r\n         \r\n    <\/div>\r\n<\/div>\r\n\r\n\t\t\t\t<\/div>\n\t\t\t\t<\/div>\n\t\t\t\t\t<\/div>\n\t\t<\/div>\n\t\t\t\t<div class=\"elementor-column elementor-col-33 elementor-top-column elementor-element elementor-element-6a5826b\" data-id=\"6a5826b\" data-element_type=\"column\" data-e-type=\"column\">\n\t\t\t<div class=\"elementor-widget-wrap\">\n\t\t\t\t\t\t\t<\/div>\n\t\t<\/div>\n\t\t\t\t\t<\/div>\n\t\t<\/section>\n\t\t\t\t<\/div>","protected":false},"excerpt":{"rendered":"<p>Post Style 1 FashionUncategorized Kitchen Blends Recipes: Easter Salmon Posted on April 29, 2020 by admin 3 The problem with the designated driver program, it&#8217;s not a desirable job, but if you ever get sucked into doing it, have fun with &#8230; Continue Reading Post Style 2 Kitchen Blends Recipes: Easter Salmon Posted on April &hellip; <a href=\"https:\/\/mimatica.com\/en\/cuidado-olivo-negro-en-casa-colombia\/\" class=\"more-link\">Continue reading <span class=\"screen-reader-text\">Gu\u00eda de Cuidados para el Olivo Negro: Un \u00e1rbol milenario, ahora en tu hogar<\/span><\/a><\/p>","protected":false},"author":1,"featured_media":0,"parent":0,"menu_order":0,"comment_status":"closed","ping_status":"closed","template":"","meta":{"footnotes":""},"class_list":["post-619","page","type-page","status-publish","hentry"],"yoast_head":"<!-- This site is optimized with the Yoast SEO plugin v27.3 - https:\/\/yoast.com\/product\/yoast-seo-wordpress\/ -->\n<title>Post Elements - Mi Matica Vivero Boutique<\/title>\n<meta name=\"robots\" content=\"index, follow, max-snippet:-1, max-image-preview:large, max-video-preview:-1\" \/>\n<link rel=\"canonical\" href=\"https:\/\/mimatica.com\/en\/post-elements\/\" \/>\n<meta property=\"og:locale\" content=\"en_US\" \/>\n<meta property=\"og:type\" content=\"article\" \/>\n<meta property=\"og:title\" content=\"Post Elements - Mi Matica Vivero Boutique\" \/>\n<meta property=\"og:description\" content=\"Post Style 1 FashionUncategorized Kitchen Blends Recipes: Easter Salmon Posted on April 29, 2020 by admin 3 The problem with the designated driver program, it&#8217;s not a desirable job, but if you ever get sucked into doing it, have fun with &#8230; Continue Reading Post Style 2 Kitchen Blends Recipes: Easter Salmon Posted on April &hellip; Continue reading Gu\u00eda de Cuidados para el Olivo Negro: Un \u00e1rbol milenario, ahora en tu hogar\" \/>\n<meta property=\"og:url\" content=\"https:\/\/mimatica.com\/en\/post-elements\/\" \/>\n<meta property=\"og:site_name\" content=\"Mi Matica Vivero Boutique\" \/>\n<meta property=\"article:publisher\" content=\"https:\/\/www.facebook.com\/mimatica.vivero\" \/>\n<meta property=\"article:modified_time\" content=\"2022-09-07T21:54:43+00:00\" \/>\n<meta property=\"og:image\" content=\"https:\/\/mimatica.com\/wp-content\/uploads\/2020\/08\/blog-06.jpg\" \/>\n<meta name=\"twitter:card\" content=\"summary_large_image\" \/>\n<meta name=\"twitter:label1\" content=\"Est. reading time\" \/>\n\t<meta name=\"twitter:data1\" content=\"1 minute\" \/>\n<script type=\"application\/ld+json\" class=\"yoast-schema-graph\">{\"@context\":\"https:\\\/\\\/schema.org\",\"@graph\":[{\"@type\":\"WebPage\",\"@id\":\"https:\\\/\\\/mimatica.com\\\/post-elements\\\/\",\"url\":\"https:\\\/\\\/mimatica.com\\\/post-elements\\\/\",\"name\":\"Post Elements - Mi Matica Vivero Boutique\",\"isPartOf\":{\"@id\":\"https:\\\/\\\/mimatica.com\\\/#website\"},\"primaryImageOfPage\":{\"@id\":\"https:\\\/\\\/mimatica.com\\\/post-elements\\\/#primaryimage\"},\"image\":{\"@id\":\"https:\\\/\\\/mimatica.com\\\/post-elements\\\/#primaryimage\"},\"thumbnailUrl\":\"https:\\\/\\\/mimatica.com\\\/wp-content\\\/uploads\\\/2020\\\/08\\\/blog-06.jpg\",\"datePublished\":\"2020-06-05T02:03:41+00:00\",\"dateModified\":\"2022-09-07T21:54:43+00:00\",\"breadcrumb\":{\"@id\":\"https:\\\/\\\/mimatica.com\\\/post-elements\\\/#breadcrumb\"},\"inLanguage\":\"en-US\",\"potentialAction\":[{\"@type\":\"ReadAction\",\"target\":[\"https:\\\/\\\/mimatica.com\\\/post-elements\\\/\"]}]},{\"@type\":\"ImageObject\",\"inLanguage\":\"en-US\",\"@id\":\"https:\\\/\\\/mimatica.com\\\/post-elements\\\/#primaryimage\",\"url\":\"https:\\\/\\\/mimatica.com\\\/wp-content\\\/uploads\\\/2020\\\/08\\\/blog-06.jpg\",\"contentUrl\":\"https:\\\/\\\/mimatica.com\\\/wp-content\\\/uploads\\\/2020\\\/08\\\/blog-06.jpg\"},{\"@type\":\"BreadcrumbList\",\"@id\":\"https:\\\/\\\/mimatica.com\\\/post-elements\\\/#breadcrumb\",\"itemListElement\":[{\"@type\":\"ListItem\",\"position\":1,\"name\":\"Portada\",\"item\":\"https:\\\/\\\/mimatica.com\\\/\"},{\"@type\":\"ListItem\",\"position\":2,\"name\":\"Post Elements\"}]},{\"@type\":\"WebSite\",\"@id\":\"https:\\\/\\\/mimatica.com\\\/#website\",\"url\":\"https:\\\/\\\/mimatica.com\\\/\",\"name\":\"Mi Matica Vivero Boutique\",\"description\":\"Plantas naturales, orqu\u00eddeas y materas artesanales.\",\"publisher\":{\"@id\":\"https:\\\/\\\/mimatica.com\\\/#organization\"},\"potentialAction\":[{\"@type\":\"SearchAction\",\"target\":{\"@type\":\"EntryPoint\",\"urlTemplate\":\"https:\\\/\\\/mimatica.com\\\/?s={search_term_string}\"},\"query-input\":{\"@type\":\"PropertyValueSpecification\",\"valueRequired\":true,\"valueName\":\"search_term_string\"}}],\"inLanguage\":\"en-US\"},{\"@type\":\"Organization\",\"@id\":\"https:\\\/\\\/mimatica.com\\\/#organization\",\"name\":\"Mi Matica Vivero Boutique\",\"url\":\"https:\\\/\\\/mimatica.com\\\/\",\"logo\":{\"@type\":\"ImageObject\",\"inLanguage\":\"en-US\",\"@id\":\"https:\\\/\\\/mimatica.com\\\/#\\\/schema\\\/logo\\\/image\\\/\",\"url\":\"https:\\\/\\\/mimatica.com\\\/wp-content\\\/uploads\\\/2020\\\/11\\\/Logo_Mi-Matica-e1662941170182.png\",\"contentUrl\":\"https:\\\/\\\/mimatica.com\\\/wp-content\\\/uploads\\\/2020\\\/11\\\/Logo_Mi-Matica-e1662941170182.png\",\"width\":120,\"height\":61,\"caption\":\"Mi Matica Vivero Boutique\"},\"image\":{\"@id\":\"https:\\\/\\\/mimatica.com\\\/#\\\/schema\\\/logo\\\/image\\\/\"},\"sameAs\":[\"https:\\\/\\\/www.facebook.com\\\/mimatica.vivero\",\"https:\\\/\\\/www.instagram.com\\\/mimatica.vivero\\\/\",\"https:\\\/\\\/pinterest.com\\\/mimaticavivero\\\/\"]}]}<\/script>\n<!-- \/ Yoast SEO plugin. -->","yoast_head_json":{"title":"Post Elements - Mi Matica Vivero Boutique","robots":{"index":"index","follow":"follow","max-snippet":"max-snippet:-1","max-image-preview":"max-image-preview:large","max-video-preview":"max-video-preview:-1"},"canonical":"https:\/\/mimatica.com\/en\/post-elements\/","og_locale":"en_US","og_type":"article","og_title":"Post Elements - Mi Matica Vivero Boutique","og_description":"Post Style 1 FashionUncategorized Kitchen Blends Recipes: Easter Salmon Posted on April 29, 2020 by admin 3 The problem with the designated driver program, it&#8217;s not a desirable job, but if you ever get sucked into doing it, have fun with &#8230; Continue Reading Post Style 2 Kitchen Blends Recipes: Easter Salmon Posted on April &hellip; Continue reading Gu\u00eda de Cuidados para el Olivo Negro: Un \u00e1rbol milenario, ahora en tu hogar","og_url":"https:\/\/mimatica.com\/en\/post-elements\/","og_site_name":"Mi Matica Vivero Boutique","article_publisher":"https:\/\/www.facebook.com\/mimatica.vivero","article_modified_time":"2022-09-07T21:54:43+00:00","og_image":[{"url":"https:\/\/mimatica.com\/wp-content\/uploads\/2020\/08\/blog-06.jpg","type":"","width":"","height":""}],"twitter_card":"summary_large_image","twitter_misc":{"Est. reading time":"1 minute"},"schema":{"@context":"https:\/\/schema.org","@graph":[{"@type":"WebPage","@id":"https:\/\/mimatica.com\/post-elements\/","url":"https:\/\/mimatica.com\/post-elements\/","name":"Post Elements - Mi Matica Vivero Boutique","isPartOf":{"@id":"https:\/\/mimatica.com\/#website"},"primaryImageOfPage":{"@id":"https:\/\/mimatica.com\/post-elements\/#primaryimage"},"image":{"@id":"https:\/\/mimatica.com\/post-elements\/#primaryimage"},"thumbnailUrl":"https:\/\/mimatica.com\/wp-content\/uploads\/2020\/08\/blog-06.jpg","datePublished":"2020-06-05T02:03:41+00:00","dateModified":"2022-09-07T21:54:43+00:00","breadcrumb":{"@id":"https:\/\/mimatica.com\/post-elements\/#breadcrumb"},"inLanguage":"en-US","potentialAction":[{"@type":"ReadAction","target":["https:\/\/mimatica.com\/post-elements\/"]}]},{"@type":"ImageObject","inLanguage":"en-US","@id":"https:\/\/mimatica.com\/post-elements\/#primaryimage","url":"https:\/\/mimatica.com\/wp-content\/uploads\/2020\/08\/blog-06.jpg","contentUrl":"https:\/\/mimatica.com\/wp-content\/uploads\/2020\/08\/blog-06.jpg"},{"@type":"BreadcrumbList","@id":"https:\/\/mimatica.com\/post-elements\/#breadcrumb","itemListElement":[{"@type":"ListItem","position":1,"name":"Portada","item":"https:\/\/mimatica.com\/"},{"@type":"ListItem","position":2,"name":"Post Elements"}]},{"@type":"WebSite","@id":"https:\/\/mimatica.com\/#website","url":"https:\/\/mimatica.com\/","name":"Mi Matica Vivero Boutique","description":"Plantas naturales, orqu\u00eddeas y materas artesanales.","publisher":{"@id":"https:\/\/mimatica.com\/#organization"},"potentialAction":[{"@type":"SearchAction","target":{"@type":"EntryPoint","urlTemplate":"https:\/\/mimatica.com\/?s={search_term_string}"},"query-input":{"@type":"PropertyValueSpecification","valueRequired":true,"valueName":"search_term_string"}}],"inLanguage":"en-US"},{"@type":"Organization","@id":"https:\/\/mimatica.com\/#organization","name":"Mi Matica Vivero Boutique","url":"https:\/\/mimatica.com\/","logo":{"@type":"ImageObject","inLanguage":"en-US","@id":"https:\/\/mimatica.com\/#\/schema\/logo\/image\/","url":"https:\/\/mimatica.com\/wp-content\/uploads\/2020\/11\/Logo_Mi-Matica-e1662941170182.png","contentUrl":"https:\/\/mimatica.com\/wp-content\/uploads\/2020\/11\/Logo_Mi-Matica-e1662941170182.png","width":120,"height":61,"caption":"Mi Matica Vivero Boutique"},"image":{"@id":"https:\/\/mimatica.com\/#\/schema\/logo\/image\/"},"sameAs":["https:\/\/www.facebook.com\/mimatica.vivero","https:\/\/www.instagram.com\/mimatica.vivero\/","https:\/\/pinterest.com\/mimaticavivero\/"]}]}},"jetpack_sharing_enabled":true,"_links":{"self":[{"href":"https:\/\/mimatica.com\/en\/wp-json\/wp\/v2\/pages\/619","targetHints":{"allow":["GET"]}}],"collection":[{"href":"https:\/\/mimatica.com\/en\/wp-json\/wp\/v2\/pages"}],"about":[{"href":"https:\/\/mimatica.com\/en\/wp-json\/wp\/v2\/types\/page"}],"author":[{"embeddable":true,"href":"https:\/\/mimatica.com\/en\/wp-json\/wp\/v2\/users\/1"}],"replies":[{"embeddable":true,"href":"https:\/\/mimatica.com\/en\/wp-json\/wp\/v2\/comments?post=619"}],"version-history":[{"count":1,"href":"https:\/\/mimatica.com\/en\/wp-json\/wp\/v2\/pages\/619\/revisions"}],"predecessor-version":[{"id":7687,"href":"https:\/\/mimatica.com\/en\/wp-json\/wp\/v2\/pages\/619\/revisions\/7687"}],"wp:attachment":[{"href":"https:\/\/mimatica.com\/en\/wp-json\/wp\/v2\/media?parent=619"}],"curies":[{"name":"wp","href":"https:\/\/api.w.org\/{rel}","templated":true}]}}